{"id":2903,"date":"2023-10-28T18:28:31","date_gmt":"2023-10-28T16:28:31","guid":{"rendered":"https:\/\/befirstorientation.fr\/?page_id=2903"},"modified":"2023-12-12T17:10:34","modified_gmt":"2023-12-12T16:10:34","slug":"entree-dans-le-monde-professionnel","status":"publish","type":"page","link":"https:\/\/befirstorientation.fr\/index.php\/entree-dans-le-monde-professionnel\/","title":{"rendered":"Monde professionnel"},"content":{"rendered":"\t\t<div data-elementor-type=\"wp-page\" data-elementor-id=\"2903\" class=\"elementor elementor-2903\" data-elementor-post-type=\"page\">\n\t\t\t\t\t\t<section class=\"elementor-section elementor-top-section elementor-element elementor-element-c2c84c2 elementor-section-boxed elementor-section-height-default elementor-section-height-default\" data-id=\"c2c84c2\" data-element_type=\"section\" data-e-type=\"section\">\n\t\t\t\t\t\t<div class=\"elementor-container elementor-column-gap-default\">\n\t\t\t\t\t<div class=\"elementor-column elementor-col-100 elementor-top-column elementor-element elementor-element-be319f0\" data-id=\"be319f0\" data-element_type=\"column\" data-e-type=\"column\">\n\t\t\t<div class=\"elementor-widget-wrap elementor-element-populated\">\n\t\t\t\t\t\t<div class=\"elementor-element elementor-element-ef1c64b elementor-widget elementor-widget-image\" data-id=\"ef1c64b\" data-element_type=\"widget\" data-e-type=\"widget\" data-settings=\"{&quot;_animation_mobile&quot;:&quot;fadeInUp&quot;}\" data-widget_type=\"image.default\">\n\t\t\t\t<div class=\"elementor-widget-container\">\n\t\t\t\t\t\t\t\t\t\t\t\t\t\t\t<img fetchpriority=\"high\" decoding=\"async\" width=\"1024\" height=\"1024\" src=\"https:\/\/befirstorientation.fr\/wp-content\/uploads\/2023\/09\/icon-1024x1024.png\" class=\"attachment-large size-large wp-image-704\" alt=\"orientation scolaire professionnelle logo\" srcset=\"https:\/\/befirstorientation.fr\/wp-content\/uploads\/2023\/09\/icon-1024x1024.png 1024w, https:\/\/befirstorientation.fr\/wp-content\/uploads\/2023\/09\/icon-300x300.png 300w, https:\/\/befirstorientation.fr\/wp-content\/uploads\/2023\/09\/icon-150x150.png 150w, https:\/\/befirstorientation.fr\/wp-content\/uploads\/2023\/09\/icon-768x768.png 768w, https:\/\/befirstorientation.fr\/wp-content\/uploads\/2023\/09\/icon-1536x1536.png 1536w, https:\/\/befirstorientation.fr\/wp-content\/uploads\/2023\/09\/icon-600x600.png 600w, https:\/\/befirstorientation.fr\/wp-content\/uploads\/2023\/09\/icon.png 2000w\" sizes=\"(max-width: 1024px) 100vw, 1024px\" \/>\t\t\t\t\t\t\t\t\t\t\t\t\t\t\t<\/div>\n\t\t\t\t<\/div>\n\t\t\t\t<div class=\"elementor-element elementor-element-cbc1cd9 elementor-invisible elementor-widget elementor-widget-heading\" data-id=\"cbc1cd9\" data-element_type=\"widget\" data-e-type=\"widget\" data-settings=\"{&quot;_animation&quot;:&quot;fadeIn&quot;}\" data-widget_type=\"heading.default\">\n\t\t\t\t<div class=\"elementor-widget-container\">\n\t\t\t\t\t<h1 class=\"elementor-heading-title elementor-size-default\">ENTR\u00c9E DANS LE MONDE PROFESSIONNEL<\/h1>\t\t\t\t<\/div>\n\t\t\t\t<\/div>\n\t\t\t\t\t<\/div>\n\t\t<\/div>\n\t\t\t\t\t<\/div>\n\t\t<\/section>\n\t\t\t\t<section class=\"elementor-section elementor-top-section elementor-element elementor-element-74722bc elementor-section-boxed elementor-section-height-default elementor-section-height-default\" data-id=\"74722bc\" data-element_type=\"section\" data-e-type=\"section\">\n\t\t\t\t\t\t<div class=\"elementor-container elementor-column-gap-default\">\n\t\t\t\t\t<div class=\"elementor-column elementor-col-50 elementor-top-column elementor-element elementor-element-9e52645\" data-id=\"9e52645\" data-element_type=\"column\" data-e-type=\"column\" data-settings=\"{&quot;background_background&quot;:&quot;classic&quot;}\">\n\t\t\t<div class=\"elementor-widget-wrap elementor-element-populated\">\n\t\t\t\t\t\t<div class=\"elementor-element elementor-element-0645808 elementor-invisible elementor-widget elementor-widget-text-editor\" data-id=\"0645808\" data-element_type=\"widget\" data-e-type=\"widget\" data-settings=\"{&quot;_animation&quot;:&quot;slideInDown&quot;}\" data-widget_type=\"text-editor.default\">\n\t\t\t\t<div class=\"elementor-widget-container\">\n\t\t\t\t\t\t\t\t\t<p>Pr\u00e9parons votre entr\u00e9e dans le monde professionnel !<\/p><p>\u00c0 l&#8217;aube de votre transition du statut d&#8217;\u00e9tudiant vers la vie professionnelle, vous vous interrogez sur le contenu de votre<b> future carri\u00e8re<\/b>. \u00c9tablir <b>un projet professionnel \u00e9panouissant et enrichissant<\/b> devient votre <b>priorit\u00e9<\/b>. Cette prestation s&#8217;adresse aux futurs professionnels en qu\u00eate d&#8217;un accompagnement de qualit\u00e9.<\/p><p>N<b>ous vous proposons de :<\/b><\/p><ul><li>Valoriser votre personnalit\u00e9, vos aptitudes et comp\u00e9tences.<\/li><li>Clarifier votre projet professionnel.<\/li><li>Ma\u00eetriser les outils essentiels pour faciliter votre recherche d&#8217;emploi : <b>CV, lettre de motivation, r\u00e9seaux sociaux<\/b>.<\/li><li>Apprendre \u00e0 cibler les annonces, \u00e0 envoyer des candidatures spontan\u00e9es et \u00e0 \u00e9largir vos contacts dans vos r\u00e9seaux.<\/li><li>Vous pr\u00e9parer efficacement \u00e0<b> vos futurs entretiens de recrutement<\/b>.<\/li><\/ul><p>La<b> pr\u00e9paration aux entretiens <\/b>pour un\u00a0 premier emploi r\u00e9alis\u00e9e par BEFIRST orientation marque une \u00e9tape cruciale dans votre int\u00e9gration sur le march\u00e9 du travail.\u00a0<\/p><p>Opter pour l&#8217;accompagnement d&#8217;un sp\u00e9cialiste de l&#8217;orientation scolaire et professionnelle vous permettra de relever avec succ\u00e8s ce nouveau d\u00e9fi.<\/p>\t\t\t\t\t\t\t\t<\/div>\n\t\t\t\t<\/div>\n\t\t\t\t\t<\/div>\n\t\t<\/div>\n\t\t\t\t<div class=\"elementor-column elementor-col-50 elementor-top-column elementor-element elementor-element-9147893 elementor-invisible\" data-id=\"9147893\" data-element_type=\"column\" data-e-type=\"column\" data-settings=\"{&quot;animation&quot;:&quot;fadeIn&quot;,&quot;animation_mobile&quot;:&quot;fadeIn&quot;}\">\n\t\t\t<div class=\"elementor-widget-wrap elementor-element-populated\">\n\t\t\t\t\t\t<div class=\"elementor-element elementor-element-c5fad26 animated-slow elementor-invisible elementor-widget elementor-widget-image\" data-id=\"c5fad26\" data-element_type=\"widget\" data-e-type=\"widget\" data-settings=\"{&quot;_animation&quot;:&quot;fadeIn&quot;,&quot;_animation_delay&quot;:500}\" data-widget_type=\"image.default\">\n\t\t\t\t<div class=\"elementor-widget-container\">\n\t\t\t\t\t\t\t\t\t\t\t\t\t\t\t<img decoding=\"async\" width=\"500\" height=\"334\" src=\"https:\/\/befirstorientation.fr\/wp-content\/uploads\/2023\/11\/jeune-premier-emploi-befirst-orientation-entree-dans-le-monde-professionnel-Manosque-Digne-Gap.webp\" class=\"attachment-large size-large wp-image-3573\" alt=\"jeune-premier-emploi - befirst orientation - entr\u00e9e dans le monde professionnel - Manosque Digne Gap\" srcset=\"https:\/\/befirstorientation.fr\/wp-content\/uploads\/2023\/11\/jeune-premier-emploi-befirst-orientation-entree-dans-le-monde-professionnel-Manosque-Digne-Gap.webp 500w, https:\/\/befirstorientation.fr\/wp-content\/uploads\/2023\/11\/jeune-premier-emploi-befirst-orientation-entree-dans-le-monde-professionnel-Manosque-Digne-Gap-300x200.webp 300w\" sizes=\"(max-width: 500px) 100vw, 500px\" \/>\t\t\t\t\t\t\t\t\t\t\t\t\t\t\t<\/div>\n\t\t\t\t<\/div>\n\t\t\t\t\t<\/div>\n\t\t<\/div>\n\t\t\t\t\t<\/div>\n\t\t<\/section>\n\t\t\t\t<section class=\"elementor-section elementor-top-section elementor-element elementor-element-0fb4943 elementor-section-boxed elementor-section-height-default elementor-section-height-default\" data-id=\"0fb4943\" data-element_type=\"section\" data-e-type=\"section\">\n\t\t\t\t\t\t<div class=\"elementor-container elementor-column-gap-default\">\n\t\t\t\t\t<div class=\"elementor-column elementor-col-100 elementor-top-column elementor-element elementor-element-c0869d4\" data-id=\"c0869d4\" data-element_type=\"column\" data-e-type=\"column\">\n\t\t\t<div class=\"elementor-widget-wrap elementor-element-populated\">\n\t\t\t\t\t\t<div class=\"elementor-element elementor-element-04f1bd1 elementor-widget elementor-widget-heading\" data-id=\"04f1bd1\" data-element_type=\"widget\" data-e-type=\"widget\" data-widget_type=\"heading.default\">\n\t\t\t\t<div class=\"elementor-widget-container\">\n\t\t\t\t\t<h2 class=\"elementor-heading-title elementor-size-default\"><b>Pr\u00e9parez en douceur votre entr\u00e9e dans le monde professionnel !<\/b><\/h2>\t\t\t\t<\/div>\n\t\t\t\t<\/div>\n\t\t\t\t\t<\/div>\n\t\t<\/div>\n\t\t\t\t\t<\/div>\n\t\t<\/section>\n\t\t\t\t<section class=\"elementor-section elementor-top-section elementor-element elementor-element-d7c942f elementor-section-boxed elementor-section-height-default elementor-section-height-default\" data-id=\"d7c942f\" data-element_type=\"section\" data-e-type=\"section\">\n\t\t\t\t\t\t<div class=\"elementor-container elementor-column-gap-default\">\n\t\t\t\t\t<div class=\"elementor-column elementor-col-100 elementor-top-column elementor-element elementor-element-69a782a\" data-id=\"69a782a\" data-element_type=\"column\" data-e-type=\"column\">\n\t\t\t<div class=\"elementor-widget-wrap elementor-element-populated\">\n\t\t\t\t\t\t<div class=\"elementor-element elementor-element-cc5c873 elementor-widget elementor-widget-text-editor\" data-id=\"cc5c873\" data-element_type=\"widget\" data-e-type=\"widget\" data-widget_type=\"text-editor.default\">\n\t\t\t\t<div class=\"elementor-widget-container\">\n\t\t\t\t\t\t\t\t\t<div class=\"flex flex-grow flex-col max-w-full gap-3 gizmo:gap-0\"><div class=\"min-h-[20px] text-message flex flex-col items-start gap-3 whitespace-pre-wrap break-words [.text-message+&amp;]:mt-5 overflow-x-auto\" data-message-author-role=\"assistant\" data-message-id=\"76684085-0840-4a23-a684-cc180b57df8b\"><div class=\"markdown prose w-full break-words dark:prose-invert light\"><div class=\"flex flex-grow flex-col max-w-full gap-3 gizmo:gap-0\"><div class=\"min-h-[20px] text-message flex flex-col items-start gap-3 whitespace-pre-wrap break-words [.text-message+&amp;]:mt-5 overflow-x-auto\" data-message-author-role=\"assistant\" data-message-id=\"8291daf0-f893-43ae-b4eb-0bbee18e98c1\"><div class=\"markdown prose w-full break-words dark:prose-invert light\"><p>L&#8217;optimisation de votre CV et de vos lettres de motivation constitue une \u00e9tape cruciale dans votre d\u00e9marche de recherche d&#8217;emploi. Pour commencer, il vous suffit de nous envoyer vos documents actuels. En tant que sp\u00e9cialiste du recrutement, mon r\u00f4le est de vous guider afin de les rendre plus percutants et attractifs pour les employeurs potentiels. Nous allouerons deux s\u00e9ances exclusivement d\u00e9di\u00e9es <b>\u00e0 l&#8217;\u00e9laboration de vos CV et lettres de motivation.<\/b><\/p><p>Au cours de ces s\u00e9ances, ensemble nous travaillerons de mani\u00e8re collaborative pour mettre en avant<b> vos comp\u00e9tences, exp\u00e9riences et r\u00e9alisations<\/b> de mani\u00e8re optimale. Nous nous assurerons \u00e9galement que le ton, la structure et le contenu de vos documents correspondent aux attentes du march\u00e9 du travail. <u>Notre objectif est de maximiser<\/u> l&#8217;impact de votre candidature et d&#8217;accro\u00eetre vos chances de d\u00e9crocher des entretiens.<\/p><p>Par la suite, je vous propose une pr\u00e9paration aux entretiens d&#8217;embauche. Cette phase comprend <b>une simulation d&#8217;entretien<\/b> approfondie, suivie d&#8217;une analyse d\u00e9taill\u00e9e de votre performance. Nous vous fournirons des conseils pertinents et personnalis\u00e9s pour renforcer vos points forts et travailler sur les aspects \u00e0 am\u00e9liorer. Apr\u00e8s avoir apport\u00e9 les ajustements n\u00e9cessaires, une deuxi\u00e8me simulation d&#8217;entretien sera r\u00e9alis\u00e9e pour vous permettre de mettre en pratique les techniques de pr\u00e9sentation et de communication acquises lors des s\u00e9ances pr\u00e9c\u00e9dentes.<\/p><p>Cette approche permet de vous <b>familiariser avec le processus d&#8217;entretien, de gagner en confiance et d&#8217;affiner vos r\u00e9ponses<\/b>. Gr\u00e2ce \u00e0 cette pr\u00e9paration approfondie, vous serez mieux pr\u00e9par\u00e9(e) \u00e0 faire face aux diff\u00e9rentes situations et questions qui peuvent \u00e9merger lors d&#8217;un entretien d&#8217;embauche. Notre engagement est de vous fournir les outils n\u00e9cessaires pour vous d\u00e9marquer positivement et atteindre vos objectifs professionnels.<\/p><\/div><\/div><\/div><\/div><\/div><\/div>\t\t\t\t\t\t\t\t<\/div>\n\t\t\t\t<\/div>\n\t\t\t\t\t<\/div>\n\t\t<\/div>\n\t\t\t\t\t<\/div>\n\t\t<\/section>\n\t\t\t\t<section class=\"elementor-section elementor-top-section elementor-element elementor-element-c24da8b elementor-section-boxed elementor-section-height-default elementor-section-height-default\" data-id=\"c24da8b\" data-element_type=\"section\" data-e-type=\"section\">\n\t\t\t\t\t\t\t<div class=\"elementor-background-overlay\"><\/div>\n\t\t\t\t\t\t\t<div class=\"elementor-container elementor-column-gap-default\">\n\t\t\t\t\t<div class=\"elementor-column elementor-col-100 elementor-top-column elementor-element elementor-element-eb565ef\" data-id=\"eb565ef\" data-element_type=\"column\" data-e-type=\"column\">\n\t\t\t<div class=\"elementor-widget-wrap elementor-element-populated\">\n\t\t\t\t\t\t<div class=\"elementor-element elementor-element-70c09f1 elementor-invisible elementor-widget elementor-widget-text-editor\" data-id=\"70c09f1\" data-element_type=\"widget\" data-e-type=\"widget\" data-settings=\"{&quot;_animation&quot;:&quot;bounceIn&quot;}\" data-widget_type=\"text-editor.default\">\n\t\t\t\t<div class=\"elementor-widget-container\">\n\t\t\t\t\t\t\t\t\t<p><b>Vous souhaitez nous contacter ?<\/b><\/p><p>\u00a0<\/p>\t\t\t\t\t\t\t\t<\/div>\n\t\t\t\t<\/div>\n\t\t\t\t<div class=\"elementor-element elementor-element-0293476 elementor-align-center elementor-invisible elementor-widget elementor-widget-button\" data-id=\"0293476\" data-element_type=\"widget\" data-e-type=\"widget\" data-settings=\"{&quot;_animation&quot;:&quot;bounceIn&quot;}\" data-widget_type=\"button.default\">\n\t\t\t\t<div class=\"elementor-widget-container\">\n\t\t\t\t\t\t\t\t\t<div class=\"elementor-button-wrapper\">\n\t\t\t\t\t<a class=\"elementor-button elementor-button-link elementor-size-sm\" href=\"https:\/\/befirstorientation.fr\/index.php\/contact\/\">\n\t\t\t\t\t\t<span class=\"elementor-button-content-wrapper\">\n\t\t\t\t\t\t\t\t\t<span class=\"elementor-button-text\">Cliquez ici<\/span>\n\t\t\t\t\t<\/span>\n\t\t\t\t\t<\/a>\n\t\t\t\t<\/div>\n\t\t\t\t\t\t\t\t<\/div>\n\t\t\t\t<\/div>\n\t\t\t\t\t<\/div>\n\t\t<\/div>\n\t\t\t\t\t<\/div>\n\t\t<\/section>\n\t\t\t\t<\/div>\n\t\t","protected":false},"excerpt":{"rendered":"<p>ENTR\u00c9E DANS LE MONDE PROFESSIONNEL Pr\u00e9parons votre entr\u00e9e dans le monde professionnel ! \u00c0 l&#8217;aube de votre transition du statut d&#8217;\u00e9tudiant vers la vie professionnelle, vous vous interrogez sur le contenu de votre future carri\u00e8re. \u00c9tablir un projet professionnel \u00e9panouissant et enrichissant devient votre priorit\u00e9. Cette prestation s&#8217;adresse aux futurs professionnels en qu\u00eate d&#8217;un accompagnement [&hellip;]<\/p>\n","protected":false},"author":1,"featured_media":0,"parent":0,"menu_order":0,"comment_status":"closed","ping_status":"closed","template":"","meta":{"_monsterinsights_skip_tracking":false,"_monsterinsights_sitenote_active":false,"_monsterinsights_sitenote_note":"","_monsterinsights_sitenote_category":0,"_uf_show_specific_survey":0,"_uf_disable_surveys":false,"ocean_post_layout":"","ocean_both_sidebars_style":"","ocean_both_sidebars_content_width":0,"ocean_both_sidebars_sidebars_width":0,"ocean_sidebar":"","ocean_second_sidebar":"","ocean_disable_margins":"enable","ocean_add_body_class":"","ocean_shortcode_before_top_bar":"","ocean_shortcode_after_top_bar":"","ocean_shortcode_before_header":"","ocean_shortcode_after_header":"","ocean_has_shortcode":"","ocean_shortcode_after_title":"","ocean_shortcode_before_footer_widgets":"","ocean_shortcode_after_footer_widgets":"","ocean_shortcode_before_footer_bottom":"","ocean_shortcode_after_footer_bottom":"","ocean_display_top_bar":"default","ocean_display_header":"default","ocean_header_style":"","ocean_center_header_left_menu":"","ocean_custom_header_template":"","ocean_custom_logo":0,"ocean_custom_retina_logo":0,"ocean_custom_logo_max_width":0,"ocean_custom_logo_tablet_max_width":0,"ocean_custom_logo_mobile_max_width":0,"ocean_custom_logo_max_height":0,"ocean_custom_logo_tablet_max_height":0,"ocean_custom_logo_mobile_max_height":0,"ocean_header_custom_menu":"","ocean_menu_typo_font_family":"","ocean_menu_typo_font_subset":"","ocean_menu_typo_font_size":0,"ocean_menu_typo_font_size_tablet":0,"ocean_menu_typo_font_size_mobile":0,"ocean_menu_typo_font_size_unit":"px","ocean_menu_typo_font_weight":"","ocean_menu_typo_font_weight_tablet":"","ocean_menu_typo_font_weight_mobile":"","ocean_menu_typo_transform":"","ocean_menu_typo_transform_tablet":"","ocean_menu_typo_transform_mobile":"","ocean_menu_typo_line_height":0,"ocean_menu_typo_line_height_tablet":0,"ocean_menu_typo_line_height_mobile":0,"ocean_menu_typo_line_height_unit":"","ocean_menu_typo_spacing":0,"ocean_menu_typo_spacing_tablet":0,"ocean_menu_typo_spacing_mobile":0,"ocean_menu_typo_spacing_unit":"","ocean_menu_link_color":"","ocean_menu_link_color_hover":"","ocean_menu_link_color_active":"","ocean_menu_link_background":"","ocean_menu_link_hover_background":"","ocean_menu_link_active_background":"","ocean_menu_social_links_bg":"","ocean_menu_social_hover_links_bg":"","ocean_menu_social_links_color":"","ocean_menu_social_hover_links_color":"","ocean_disable_title":"default","ocean_disable_heading":"default","ocean_post_title":"","ocean_post_subheading":"","ocean_post_title_style":"","ocean_post_title_background_color":"","ocean_post_title_background":0,"ocean_post_title_bg_image_position":"","ocean_post_title_bg_image_attachment":"","ocean_post_title_bg_image_repeat":"","ocean_post_title_bg_image_size":"","ocean_post_title_height":0,"ocean_post_title_bg_overlay":0.5,"ocean_post_title_bg_overlay_color":"","ocean_disable_breadcrumbs":"default","ocean_breadcrumbs_color":"","ocean_breadcrumbs_separator_color":"","ocean_breadcrumbs_links_color":"","ocean_breadcrumbs_links_hover_color":"","ocean_display_footer_widgets":"default","ocean_display_footer_bottom":"default","ocean_custom_footer_template":"","footnotes":""},"class_list":["post-2903","page","type-page","status-publish","hentry","entry"],"jetpack_sharing_enabled":true,"_links":{"self":[{"href":"https:\/\/befirstorientation.fr\/index.php\/wp-json\/wp\/v2\/pages\/2903","targetHints":{"allow":["GET"]}}],"collection":[{"href":"https:\/\/befirstorientation.fr\/index.php\/wp-json\/wp\/v2\/pages"}],"about":[{"href":"https:\/\/befirstorientation.fr\/index.php\/wp-json\/wp\/v2\/types\/page"}],"author":[{"embeddable":true,"href":"https:\/\/befirstorientation.fr\/index.php\/wp-json\/wp\/v2\/users\/1"}],"replies":[{"embeddable":true,"href":"https:\/\/befirstorientation.fr\/index.php\/wp-json\/wp\/v2\/comments?post=2903"}],"version-history":[{"count":0,"href":"https:\/\/befirstorientation.fr\/index.php\/wp-json\/wp\/v2\/pages\/2903\/revisions"}],"wp:attachment":[{"href":"https:\/\/befirstorientation.fr\/index.php\/wp-json\/wp\/v2\/media?parent=2903"}],"curies":[{"name":"wp","href":"https:\/\/api.w.org\/{rel}","templated":true}]}}