{"id":15,"date":"2023-09-04T15:17:14","date_gmt":"2023-09-04T13:17:14","guid":{"rendered":"https:\/\/befirstorientation.fr\/?page_id=15"},"modified":"2024-04-15T17:47:15","modified_gmt":"2024-04-15T15:47:15","slug":"qui-suis-je-befirst-orientation","status":"publish","type":"page","link":"https:\/\/befirstorientation.fr\/index.php\/qui-suis-je-befirst-orientation\/","title":{"rendered":"Qui suis-je ?"},"content":{"rendered":"\t\t<div data-elementor-type=\"wp-page\" data-elementor-id=\"15\" class=\"elementor elementor-15\" data-elementor-post-type=\"page\">\n\t\t\t\t\t\t<section class=\"elementor-section elementor-top-section elementor-element elementor-element-b759358 elementor-section-boxed elementor-section-height-default elementor-section-height-default\" data-id=\"b759358\" data-element_type=\"section\" data-e-type=\"section\">\n\t\t\t\t\t\t<div class=\"elementor-container elementor-column-gap-default\">\n\t\t\t\t\t<div class=\"elementor-column elementor-col-100 elementor-top-column elementor-element elementor-element-a1eb527\" data-id=\"a1eb527\" data-element_type=\"column\" data-e-type=\"column\">\n\t\t\t<div class=\"elementor-widget-wrap elementor-element-populated\">\n\t\t\t\t\t\t<div class=\"elementor-element elementor-element-a3629c9 elementor-invisible elementor-widget elementor-widget-image\" data-id=\"a3629c9\" data-element_type=\"widget\" data-e-type=\"widget\" data-settings=\"{&quot;_animation&quot;:&quot;fadeInUp&quot;}\" data-widget_type=\"image.default\">\n\t\t\t\t<div class=\"elementor-widget-container\">\n\t\t\t\t\t\t\t\t\t\t\t\t\t\t\t<img fetchpriority=\"high\" decoding=\"async\" width=\"1024\" height=\"1024\" src=\"https:\/\/befirstorientation.fr\/wp-content\/uploads\/2023\/09\/icon-1024x1024.png\" class=\"attachment-large size-large wp-image-704\" alt=\"orientation scolaire professionnelle logo\" srcset=\"https:\/\/befirstorientation.fr\/wp-content\/uploads\/2023\/09\/icon-1024x1024.png 1024w, https:\/\/befirstorientation.fr\/wp-content\/uploads\/2023\/09\/icon-300x300.png 300w, https:\/\/befirstorientation.fr\/wp-content\/uploads\/2023\/09\/icon-150x150.png 150w, https:\/\/befirstorientation.fr\/wp-content\/uploads\/2023\/09\/icon-768x768.png 768w, https:\/\/befirstorientation.fr\/wp-content\/uploads\/2023\/09\/icon-1536x1536.png 1536w, https:\/\/befirstorientation.fr\/wp-content\/uploads\/2023\/09\/icon-600x600.png 600w, https:\/\/befirstorientation.fr\/wp-content\/uploads\/2023\/09\/icon.png 2000w\" sizes=\"(max-width: 1024px) 100vw, 1024px\" \/>\t\t\t\t\t\t\t\t\t\t\t\t\t\t\t<\/div>\n\t\t\t\t<\/div>\n\t\t\t\t<div class=\"elementor-element elementor-element-3f31cb1 elementor-invisible elementor-widget elementor-widget-heading\" data-id=\"3f31cb1\" data-element_type=\"widget\" data-e-type=\"widget\" data-settings=\"{&quot;_animation&quot;:&quot;fadeIn&quot;}\" data-widget_type=\"heading.default\">\n\t\t\t\t<div class=\"elementor-widget-container\">\n\t\t\t\t\t<h1 class=\"elementor-heading-title elementor-size-default\">Qui suis-je ?<br><br><\/h1>\t\t\t\t<\/div>\n\t\t\t\t<\/div>\n\t\t\t\t\t<\/div>\n\t\t<\/div>\n\t\t\t\t\t<\/div>\n\t\t<\/section>\n\t\t\t\t<section class=\"elementor-section elementor-top-section elementor-element elementor-element-1bc253e elementor-section-boxed elementor-section-height-default elementor-section-height-default\" data-id=\"1bc253e\" data-element_type=\"section\" data-e-type=\"section\">\n\t\t\t\t\t\t<div class=\"elementor-container elementor-column-gap-default\">\n\t\t\t\t\t<div class=\"elementor-column elementor-col-100 elementor-top-column elementor-element elementor-element-451b5eb\" data-id=\"451b5eb\" data-element_type=\"column\" data-e-type=\"column\">\n\t\t\t<div class=\"elementor-widget-wrap elementor-element-populated\">\n\t\t\t\t\t\t<div class=\"elementor-element elementor-element-8d62940 elementor-widget elementor-widget-text-editor\" data-id=\"8d62940\" data-element_type=\"widget\" data-e-type=\"widget\" data-widget_type=\"text-editor.default\">\n\t\t\t\t<div class=\"elementor-widget-container\">\n\t\t\t\t\t\t\t\t\t<div><div data-message-author-role=\"assistant\" data-message-id=\"75f02333-8a44-4ff5-8506-8005e88c267d\"><div><div class=\"flex flex-grow flex-col max-w-full\"><div class=\"min-h-[20px] text-message flex flex-col items-start gap-3 whitespace-pre-wrap break-words [.text-message+&amp;]:mt-5 overflow-x-auto\" data-message-author-role=\"assistant\" data-message-id=\"55466b35-aef8-49f3-961d-872c7ceb6575\"><div class=\"markdown prose w-full break-words dark:prose-invert light\"><p>\u00a0Avec une exp\u00e9rience professionnelle de 12 ans dans le secteur de l&#8217;enseignement (formateur, responsable de centre de formation et charg\u00e9 des relations entreprises dans un centre de formation en alternance), j&#8217;ai eu l&#8217;occasion de rencontrer plus de 1000 jeunes et de faciliter plus de 500 embauches en alternance tout au long de ma carri\u00e8re. C&#8217;est cette exp\u00e9rience enrichissante qui a motiv\u00e9 ma passion pour l&#8217;\u00e9ducation et le d\u00e9veloppement personnel et professionnel. Mon engagement envers le succ\u00e8s des apprenants et ma capacit\u00e9 \u00e0 \u00e9tablir des relations fructueuses avec les entreprises m&#8217;ont permis de contribuer de mani\u00e8re significative \u00e0 la formation et \u00e0 l&#8217;insertion professionnelle des jeunes. Fort de mon expertise diversifi\u00e9e, je suis d\u00e9termin\u00e9 \u00e0 poursuivre cette mission en cr\u00e9ant des opportunit\u00e9s d&#8217;apprentissage et en favorisant des partenariats b\u00e9n\u00e9fiques entre les apprenants et le monde scolaire et professionnel. Mon objectif est de continuer \u00e0 jouer un r\u00f4le actif dans l&#8217;\u00e9volution des parcours scolaires et professionnels, en mettant en avant les comp\u00e9tences et le potentiel de chaque individu.<\/p><p>Face aux pr\u00e9occupations des parents quant \u00e0 l&#8217;avenir scolaire de leurs enfants, j&#8217;ai fond\u00e9 <strong>BEFIRST orientation<\/strong> dans le but de fournir des solutions claires et des conseils \u00e9clair\u00e9s aux jeunes en qu\u00eate de leur orientation. Mon accompagnement englobe l&#8217;orientation scolaire, l&#8217;aide \u00e0 la cr\u00e9ation des dossiers Parcoursup, la recherche d&#8217;entreprise pour les jeunes d\u00e9sirant \u00e9ffectuer leurs \u00e9tudes en alternance et l&#8217;int\u00e9gration professionnelle des jeunes. Gr\u00e2ce \u00e0 une expertise solide acquise au fil des ann\u00e9es, mon engagement est de soutenir les jeunes dans la prise de d\u00e9cisions \u00e9clair\u00e9es pour leur avenir scolaire et professionnel.<\/p><p>Fran\u00e7ois-Xavier MICHEL<\/p><\/div><\/div><\/div><\/div><\/div><\/div>\t\t\t\t\t\t\t\t<\/div>\n\t\t\t\t<\/div>\n\t\t\t\t\t<\/div>\n\t\t<\/div>\n\t\t\t\t\t<\/div>\n\t\t<\/section>\n\t\t\t\t<section class=\"elementor-section elementor-top-section elementor-element elementor-element-fecb45f elementor-section-boxed elementor-section-height-default elementor-section-height-default\" data-id=\"fecb45f\" data-element_type=\"section\" data-e-type=\"section\">\n\t\t\t\t\t\t<div class=\"elementor-container elementor-column-gap-default\">\n\t\t\t\t\t<div class=\"elementor-column elementor-col-33 elementor-top-column elementor-element elementor-element-35d4b85\" data-id=\"35d4b85\" data-element_type=\"column\" data-e-type=\"column\">\n\t\t\t<div class=\"elementor-widget-wrap elementor-element-populated\">\n\t\t\t\t\t\t<div class=\"elementor-element elementor-element-52ec58e elementor-widget elementor-widget-image\" data-id=\"52ec58e\" data-element_type=\"widget\" data-e-type=\"widget\" data-settings=\"{&quot;_animation_mobile&quot;:&quot;fadeIn&quot;}\" data-widget_type=\"image.default\">\n\t\t\t\t<div class=\"elementor-widget-container\">\n\t\t\t\t\t\t\t\t\t\t\t\t\t\t\t<img decoding=\"async\" width=\"512\" height=\"512\" src=\"https:\/\/befirstorientation.fr\/wp-content\/uploads\/2023\/09\/light-bulb.png\" class=\"attachment-large size-large wp-image-151\" alt=\"Ampoule avec un livre - befirst orientation - orientation scolaire et professionnelle - manosque - digne - gap - 04\" srcset=\"https:\/\/befirstorientation.fr\/wp-content\/uploads\/2023\/09\/light-bulb.png 512w, https:\/\/befirstorientation.fr\/wp-content\/uploads\/2023\/09\/light-bulb-300x300.png 300w, https:\/\/befirstorientation.fr\/wp-content\/uploads\/2023\/09\/light-bulb-150x150.png 150w\" sizes=\"(max-width: 512px) 100vw, 512px\" \/>\t\t\t\t\t\t\t\t\t\t\t\t\t\t\t<\/div>\n\t\t\t\t<\/div>\n\t\t\t\t\t<\/div>\n\t\t<\/div>\n\t\t\t\t<div class=\"elementor-column elementor-col-66 elementor-top-column elementor-element elementor-element-d0d6d09\" data-id=\"d0d6d09\" data-element_type=\"column\" data-e-type=\"column\">\n\t\t\t<div class=\"elementor-widget-wrap elementor-element-populated\">\n\t\t\t\t\t\t<div class=\"elementor-element elementor-element-8097108 elementor-widget elementor-widget-heading\" data-id=\"8097108\" data-element_type=\"widget\" data-e-type=\"widget\" data-widget_type=\"heading.default\">\n\t\t\t\t<div class=\"elementor-widget-container\">\n\t\t\t\t\t<h2 class=\"elementor-heading-title elementor-size-default\">Le bilan d'orientation : Qui suis-je ? O\u00f9 vais-je ?<\/h2>\t\t\t\t<\/div>\n\t\t\t\t<\/div>\n\t\t\t\t<div class=\"elementor-element elementor-element-1cb0995 elementor-widget elementor-widget-text-editor\" data-id=\"1cb0995\" data-element_type=\"widget\" data-e-type=\"widget\" data-widget_type=\"text-editor.default\">\n\t\t\t\t<div class=\"elementor-widget-container\">\n\t\t\t\t\t\t\t\t\t<div>L&#8217;orientation joue un r\u00f4le cl\u00e9 dans la vie professionnelle des jeunes. Je propose un <strong>accompagnement personnalis\u00e9<\/strong> \u00e0 chaque \u00e9tape. Initialement, un dialogue ouvert avec parents et enfant permet de comprendre les pr\u00e9occupations, aspirations, et attentes . Cela me guide pour cerner les besoins sp\u00e9cifiques de l&#8217;\u00e9l\u00e8ve et d\u00e9finir des objectifs clairs. Ensuite, des tests de positionnement et de personnalit\u00e9 approfondis guident vers des choix align\u00e9s sur les int\u00e9r\u00eats, comp\u00e9tences, valeurs, et traits de personnalit\u00e9 de l&#8217;\u00e9l\u00e8ve. L&#8217;analyse des r\u00e9sultats permet d&#8217;identifier pr\u00e9cis\u00e9ment les domaines d&#8217;\u00e9tudes et carri\u00e8res adapt\u00e9s \u00e0 son profil unique. Cette <strong>approche individualis\u00e9e<\/strong> cr\u00e9e des parcours sur mesure, favorables \u00e0 la r\u00e9ussite future de chaque jeune.<\/div>\t\t\t\t\t\t\t\t<\/div>\n\t\t\t\t<\/div>\n\t\t\t\t\t<\/div>\n\t\t<\/div>\n\t\t\t\t\t<\/div>\n\t\t<\/section>\n\t\t\t\t<section class=\"elementor-section elementor-top-section elementor-element elementor-element-2af0ed5 elementor-section-boxed elementor-section-height-default elementor-section-height-default\" data-id=\"2af0ed5\" data-element_type=\"section\" data-e-type=\"section\">\n\t\t\t\t\t\t<div class=\"elementor-container elementor-column-gap-default\">\n\t\t\t\t\t<div class=\"elementor-column elementor-col-33 elementor-top-column elementor-element elementor-element-370fd5f\" data-id=\"370fd5f\" data-element_type=\"column\" data-e-type=\"column\">\n\t\t\t<div class=\"elementor-widget-wrap elementor-element-populated\">\n\t\t\t\t\t\t<div class=\"elementor-element elementor-element-f3d2a82 elementor-widget elementor-widget-image\" data-id=\"f3d2a82\" data-element_type=\"widget\" data-e-type=\"widget\" data-settings=\"{&quot;_animation_mobile&quot;:&quot;fadeIn&quot;}\" data-widget_type=\"image.default\">\n\t\t\t\t<div class=\"elementor-widget-container\">\n\t\t\t\t\t\t\t\t\t\t\t\t\t\t\t<img decoding=\"async\" width=\"512\" height=\"512\" src=\"https:\/\/befirstorientation.fr\/wp-content\/uploads\/2023\/09\/problem-solving.png\" class=\"attachment-large size-large wp-image-154\" alt=\"Ampoule avec un puzzle - befirst orientation - - manosque - digne - pertuis - gap - 04\" srcset=\"https:\/\/befirstorientation.fr\/wp-content\/uploads\/2023\/09\/problem-solving.png 512w, https:\/\/befirstorientation.fr\/wp-content\/uploads\/2023\/09\/problem-solving-300x300.png 300w, https:\/\/befirstorientation.fr\/wp-content\/uploads\/2023\/09\/problem-solving-150x150.png 150w\" sizes=\"(max-width: 512px) 100vw, 512px\" \/>\t\t\t\t\t\t\t\t\t\t\t\t\t\t\t<\/div>\n\t\t\t\t<\/div>\n\t\t\t\t\t<\/div>\n\t\t<\/div>\n\t\t\t\t<div class=\"elementor-column elementor-col-66 elementor-top-column elementor-element elementor-element-bb8276c\" data-id=\"bb8276c\" data-element_type=\"column\" data-e-type=\"column\">\n\t\t\t<div class=\"elementor-widget-wrap elementor-element-populated\">\n\t\t\t\t\t\t<div class=\"elementor-element elementor-element-88906c9 elementor-widget elementor-widget-heading\" data-id=\"88906c9\" data-element_type=\"widget\" data-e-type=\"widget\" data-widget_type=\"heading.default\">\n\t\t\t\t<div class=\"elementor-widget-container\">\n\t\t\t\t\t<h2 class=\"elementor-heading-title elementor-size-default\">L'accompagnement Parcoursup : Quelle(s) direction(s) ?<\/h2>\t\t\t\t<\/div>\n\t\t\t\t<\/div>\n\t\t\t\t<div class=\"elementor-element elementor-element-41c14b0 elementor-widget elementor-widget-text-editor\" data-id=\"41c14b0\" data-element_type=\"widget\" data-e-type=\"widget\" data-widget_type=\"text-editor.default\">\n\t\t\t\t<div class=\"elementor-widget-container\">\n\t\t\t\t\t\t\t\t\t<div>L&#8217;orientation joue un r\u00f4le cl\u00e9 dans la vie professionnelle des jeunes. Je propose un <strong>accompagnement personnalis\u00e9<\/strong> \u00e0 chaque \u00e9tape. Initialement, un dialogue ouvert avec parents et enfant permet de comprendre les pr\u00e9occupations, aspirations, et attentes . Cela me guide pour cerner les besoins sp\u00e9cifiques de l&#8217;\u00e9l\u00e8ve et d\u00e9finir des objectifs clairs. Ensuite, des tests de positionnement et de personnalit\u00e9 approfondis guident vers des choix align\u00e9s sur les int\u00e9r\u00eats, comp\u00e9tences, valeurs, et traits de personnalit\u00e9 de l&#8217;\u00e9l\u00e8ve. L&#8217;analyse des r\u00e9sultats permet d&#8217;identifier pr\u00e9cis\u00e9ment les domaines d&#8217;\u00e9tudes et carri\u00e8res adapt\u00e9s \u00e0 son profil unique. Cette <strong>approche individualis\u00e9e<\/strong> cr\u00e9e des parcours sur mesure, favorables \u00e0 la r\u00e9ussite future de chaque jeune.<\/div>\t\t\t\t\t\t\t\t<\/div>\n\t\t\t\t<\/div>\n\t\t\t\t\t<\/div>\n\t\t<\/div>\n\t\t\t\t\t<\/div>\n\t\t<\/section>\n\t\t\t\t<section class=\"elementor-section elementor-top-section elementor-element elementor-element-8d8786f elementor-section-boxed elementor-section-height-default elementor-section-height-default\" data-id=\"8d8786f\" data-element_type=\"section\" data-e-type=\"section\">\n\t\t\t\t\t\t<div class=\"elementor-container elementor-column-gap-default\">\n\t\t\t\t\t<div class=\"elementor-column elementor-col-33 elementor-top-column elementor-element elementor-element-acb87a1\" data-id=\"acb87a1\" data-element_type=\"column\" data-e-type=\"column\">\n\t\t\t<div class=\"elementor-widget-wrap elementor-element-populated\">\n\t\t\t\t\t\t<div class=\"elementor-element elementor-element-a087a01 elementor-widget elementor-widget-image\" data-id=\"a087a01\" data-element_type=\"widget\" data-e-type=\"widget\" data-settings=\"{&quot;_animation_mobile&quot;:&quot;fadeIn&quot;}\" data-widget_type=\"image.default\">\n\t\t\t\t<div class=\"elementor-widget-container\">\n\t\t\t\t\t\t\t\t\t\t\t\t\t\t\t<img loading=\"lazy\" decoding=\"async\" width=\"512\" height=\"512\" src=\"https:\/\/befirstorientation.fr\/wp-content\/uploads\/2023\/09\/arrows.png\" class=\"attachment-large size-large wp-image-155\" alt=\"deux fl\u00e8ches indiquant la gauche et la droite - befirst orientation - - manosque - digne - pertuis- gap - 04\" srcset=\"https:\/\/befirstorientation.fr\/wp-content\/uploads\/2023\/09\/arrows.png 512w, https:\/\/befirstorientation.fr\/wp-content\/uploads\/2023\/09\/arrows-300x300.png 300w, https:\/\/befirstorientation.fr\/wp-content\/uploads\/2023\/09\/arrows-150x150.png 150w\" sizes=\"(max-width: 512px) 100vw, 512px\" \/>\t\t\t\t\t\t\t\t\t\t\t\t\t\t\t<\/div>\n\t\t\t\t<\/div>\n\t\t\t\t\t<\/div>\n\t\t<\/div>\n\t\t\t\t<div class=\"elementor-column elementor-col-66 elementor-top-column elementor-element elementor-element-e4581f7\" data-id=\"e4581f7\" data-element_type=\"column\" data-e-type=\"column\">\n\t\t\t<div class=\"elementor-widget-wrap elementor-element-populated\">\n\t\t\t\t\t\t<div class=\"elementor-element elementor-element-ae00058 elementor-widget elementor-widget-heading\" data-id=\"ae00058\" data-element_type=\"widget\" data-e-type=\"widget\" data-widget_type=\"heading.default\">\n\t\t\t\t<div class=\"elementor-widget-container\">\n\t\t\t\t\t<h2 class=\"elementor-heading-title elementor-size-default\">La recherche d'une alternance : Quelle strat\u00e9gie ?<\/h2>\t\t\t\t<\/div>\n\t\t\t\t<\/div>\n\t\t\t\t<div class=\"elementor-element elementor-element-a64f91d elementor-widget elementor-widget-text-editor\" data-id=\"a64f91d\" data-element_type=\"widget\" data-e-type=\"widget\" data-widget_type=\"text-editor.default\">\n\t\t\t\t<div class=\"elementor-widget-container\">\n\t\t\t\t\t\t\t\t\t<p>Pendant de nombreuses ann\u00e9es, j&#8217;ai aid\u00e9 des centaines de jeunes \u00e0 se pr\u00e9parer pour leur recherche de formation en alternance. Gr\u00e2ce \u00e0 un accompagnement personnalis\u00e9, nous travaillons sur des aspects cruciaux tels que l&#8217;<strong>\u00e9laboration d&#8217;une strat\u00e9gie efficace<\/strong> pour la recherche d&#8217;entreprises, la <strong>r\u00e9daction percutante du CV et de la lettre de motivation<\/strong>, la compr\u00e9hension des codes de l&#8217;entreprise, ainsi que des conseils en image et en pr\u00e9sentation personnelle.<b><br \/><\/b><\/p>\t\t\t\t\t\t\t\t<\/div>\n\t\t\t\t<\/div>\n\t\t\t\t\t<\/div>\n\t\t<\/div>\n\t\t\t\t\t<\/div>\n\t\t<\/section>\n\t\t\t\t<section class=\"elementor-section elementor-top-section elementor-element elementor-element-daf3ca7 elementor-section-boxed elementor-section-height-default elementor-section-height-default\" data-id=\"daf3ca7\" data-element_type=\"section\" data-e-type=\"section\">\n\t\t\t\t\t\t<div class=\"elementor-container elementor-column-gap-default\">\n\t\t\t\t\t<div class=\"elementor-column elementor-col-33 elementor-top-column elementor-element elementor-element-f731083\" data-id=\"f731083\" data-element_type=\"column\" data-e-type=\"column\">\n\t\t\t<div class=\"elementor-widget-wrap elementor-element-populated\">\n\t\t\t\t\t\t<div class=\"elementor-element elementor-element-d2458a8 elementor-widget elementor-widget-image\" data-id=\"d2458a8\" data-element_type=\"widget\" data-e-type=\"widget\" data-settings=\"{&quot;_animation_mobile&quot;:&quot;fadeIn&quot;}\" data-widget_type=\"image.default\">\n\t\t\t\t<div class=\"elementor-widget-container\">\n\t\t\t\t\t\t\t\t\t\t\t\t\t\t\t<img loading=\"lazy\" decoding=\"async\" width=\"512\" height=\"512\" src=\"https:\/\/befirstorientation.fr\/wp-content\/uploads\/2023\/09\/hand-shake1.png\" class=\"attachment-large size-large wp-image-156\" alt=\"Main serr\u00e9es - befirst orientation - orientation scolaire et professionnelle - manosque - digne - gap - 04\" srcset=\"https:\/\/befirstorientation.fr\/wp-content\/uploads\/2023\/09\/hand-shake1.png 512w, https:\/\/befirstorientation.fr\/wp-content\/uploads\/2023\/09\/hand-shake1-300x300.png 300w, https:\/\/befirstorientation.fr\/wp-content\/uploads\/2023\/09\/hand-shake1-150x150.png 150w\" sizes=\"(max-width: 512px) 100vw, 512px\" \/>\t\t\t\t\t\t\t\t\t\t\t\t\t\t\t<\/div>\n\t\t\t\t<\/div>\n\t\t\t\t\t<\/div>\n\t\t<\/div>\n\t\t\t\t<div class=\"elementor-column elementor-col-66 elementor-top-column elementor-element elementor-element-f488731\" data-id=\"f488731\" data-element_type=\"column\" data-e-type=\"column\">\n\t\t\t<div class=\"elementor-widget-wrap elementor-element-populated\">\n\t\t\t\t\t\t<div class=\"elementor-element elementor-element-ba24e8d elementor-widget elementor-widget-heading\" data-id=\"ba24e8d\" data-element_type=\"widget\" data-e-type=\"widget\" data-widget_type=\"heading.default\">\n\t\t\t\t<div class=\"elementor-widget-container\">\n\t\t\t\t\t<h2 class=\"elementor-heading-title elementor-size-default\">L'accompagnement vers le 1er emploi : Comment m'y prendre ?<\/h2>\t\t\t\t<\/div>\n\t\t\t\t<\/div>\n\t\t\t\t<div class=\"elementor-element elementor-element-715ac36 elementor-widget elementor-widget-text-editor\" data-id=\"715ac36\" data-element_type=\"widget\" data-e-type=\"widget\" data-widget_type=\"text-editor.default\">\n\t\t\t\t<div class=\"elementor-widget-container\">\n\t\t\t\t\t\t\t\t\t<p>J&#8217;ai \u00e9galement accompagn\u00e9 des jeunes dans la recherche de leur premier emploi. L\u00e0 encore, j&#8217;ai d\u00e9di\u00e9 mon expertise \u00e0 assister des centaines de jeunes dans la pr\u00e9paration de leur qu\u00eate du premier emploi. Gr\u00e2ce \u00e0 un suivi personnalis\u00e9, nous nous attelons \u00e0 des aspects cruciaux tels que la mise en place d&#8217;une <strong>strat\u00e9gie efficace pour rechercher des opportunit\u00e9s professionnelles<\/strong>, la r\u00e9daction du CV et de la lettre de motivation, la d\u00e9cryptage des codes du monde du travail, tout en dispensant des conseils \u00e9clair\u00e9s sur l&#8217;image et la pr\u00e9sentation personnelle.<\/p>\t\t\t\t\t\t\t\t<\/div>\n\t\t\t\t<\/div>\n\t\t\t\t\t<\/div>\n\t\t<\/div>\n\t\t\t\t\t<\/div>\n\t\t<\/section>\n\t\t\t\t<section class=\"elementor-section elementor-top-section elementor-element elementor-element-1112405 elementor-section-boxed elementor-section-height-default elementor-section-height-default elementor-invisible\" data-id=\"1112405\" data-element_type=\"section\" data-e-type=\"section\" data-settings=\"{&quot;background_background&quot;:&quot;classic&quot;,&quot;animation&quot;:&quot;bounceIn&quot;}\">\n\t\t\t\t\t\t\t<div class=\"elementor-background-overlay\"><\/div>\n\t\t\t\t\t\t\t<div class=\"elementor-container elementor-column-gap-default\">\n\t\t\t\t\t<div class=\"elementor-column elementor-col-100 elementor-top-column elementor-element elementor-element-d3a805e\" data-id=\"d3a805e\" data-element_type=\"column\" data-e-type=\"column\">\n\t\t\t<div class=\"elementor-widget-wrap elementor-element-populated\">\n\t\t\t\t\t\t<div class=\"elementor-element elementor-element-3326dd2 elementor-widget elementor-widget-heading\" data-id=\"3326dd2\" data-element_type=\"widget\" data-e-type=\"widget\" data-widget_type=\"heading.default\">\n\t\t\t\t<div class=\"elementor-widget-container\">\n\t\t\t\t\t<h2 class=\"elementor-heading-title elementor-size-default\"><br><br><br><br><br>D\u00e9couvrez mes services <\/h2>\t\t\t\t<\/div>\n\t\t\t\t<\/div>\n\t\t\t\t\t<\/div>\n\t\t<\/div>\n\t\t\t\t\t<\/div>\n\t\t<\/section>\n\t\t\t\t<section class=\"elementor-section elementor-top-section elementor-element elementor-element-f167552 elementor-section-boxed elementor-section-height-default elementor-section-height-default\" data-id=\"f167552\" data-element_type=\"section\" data-e-type=\"section\">\n\t\t\t\t\t\t<div class=\"elementor-container elementor-column-gap-default\">\n\t\t\t\t\t<div class=\"elementor-column elementor-col-25 elementor-top-column elementor-element elementor-element-a412862\" data-id=\"a412862\" data-element_type=\"column\" data-e-type=\"column\">\n\t\t\t<div class=\"elementor-widget-wrap elementor-element-populated\">\n\t\t\t\t\t\t<div class=\"elementor-element elementor-element-2101024 elementor-align-center elementor-invisible elementor-widget elementor-widget-button\" data-id=\"2101024\" data-element_type=\"widget\" data-e-type=\"widget\" data-settings=\"{&quot;_animation&quot;:&quot;fadeInUp&quot;,&quot;_animation_mobile&quot;:&quot;fadeIn&quot;,&quot;_animation_delay&quot;:100}\" data-widget_type=\"button.default\">\n\t\t\t\t<div class=\"elementor-widget-container\">\n\t\t\t\t\t\t\t\t\t<div class=\"elementor-button-wrapper\">\n\t\t\t\t\t<a class=\"elementor-button elementor-button-link elementor-size-sm\" href=\"https:\/\/befirstorientation.fr\/index.php\/bilan-dorientation\/\">\n\t\t\t\t\t\t<span class=\"elementor-button-content-wrapper\">\n\t\t\t\t\t\t\t\t\t<span class=\"elementor-button-text\">Bilan d'orientation<\/span>\n\t\t\t\t\t<\/span>\n\t\t\t\t\t<\/a>\n\t\t\t\t<\/div>\n\t\t\t\t\t\t\t\t<\/div>\n\t\t\t\t<\/div>\n\t\t\t\t\t<\/div>\n\t\t<\/div>\n\t\t\t\t<div class=\"elementor-column elementor-col-25 elementor-top-column elementor-element elementor-element-a8ab794\" data-id=\"a8ab794\" data-element_type=\"column\" data-e-type=\"column\">\n\t\t\t<div class=\"elementor-widget-wrap elementor-element-populated\">\n\t\t\t\t\t\t<div class=\"elementor-element elementor-element-5383f97 elementor-align-center elementor-invisible elementor-widget elementor-widget-button\" data-id=\"5383f97\" data-element_type=\"widget\" data-e-type=\"widget\" data-settings=\"{&quot;_animation&quot;:&quot;fadeInUp&quot;,&quot;_animation_mobile&quot;:&quot;fadeIn&quot;,&quot;_animation_delay&quot;:300}\" data-widget_type=\"button.default\">\n\t\t\t\t<div class=\"elementor-widget-container\">\n\t\t\t\t\t\t\t\t\t<div class=\"elementor-button-wrapper\">\n\t\t\t\t\t<a class=\"elementor-button elementor-button-link elementor-size-sm\" href=\"https:\/\/befirstorientation.fr\/index.php\/accompagnement-parcoursup\/\">\n\t\t\t\t\t\t<span class=\"elementor-button-content-wrapper\">\n\t\t\t\t\t\t\t\t\t<span class=\"elementor-button-text\">Parcoursup<\/span>\n\t\t\t\t\t<\/span>\n\t\t\t\t\t<\/a>\n\t\t\t\t<\/div>\n\t\t\t\t\t\t\t\t<\/div>\n\t\t\t\t<\/div>\n\t\t\t\t\t<\/div>\n\t\t<\/div>\n\t\t\t\t<div class=\"elementor-column elementor-col-25 elementor-top-column elementor-element elementor-element-62c5d22\" data-id=\"62c5d22\" data-element_type=\"column\" data-e-type=\"column\">\n\t\t\t<div class=\"elementor-widget-wrap elementor-element-populated\">\n\t\t\t\t\t\t<div class=\"elementor-element elementor-element-5af7235 elementor-align-center elementor-invisible elementor-widget elementor-widget-button\" data-id=\"5af7235\" data-element_type=\"widget\" data-e-type=\"widget\" data-settings=\"{&quot;_animation&quot;:&quot;fadeInUp&quot;,&quot;_animation_mobile&quot;:&quot;fadeIn&quot;,&quot;_animation_delay&quot;:300}\" data-widget_type=\"button.default\">\n\t\t\t\t<div class=\"elementor-widget-container\">\n\t\t\t\t\t\t\t\t\t<div class=\"elementor-button-wrapper\">\n\t\t\t\t\t<a class=\"elementor-button elementor-button-link elementor-size-sm\" href=\"https:\/\/befirstorientation.fr\/index.php\/recherche-alternance\/\">\n\t\t\t\t\t\t<span class=\"elementor-button-content-wrapper\">\n\t\t\t\t\t\t\t\t\t<span class=\"elementor-button-text\">Alternance<\/span>\n\t\t\t\t\t<\/span>\n\t\t\t\t\t<\/a>\n\t\t\t\t<\/div>\n\t\t\t\t\t\t\t\t<\/div>\n\t\t\t\t<\/div>\n\t\t\t\t\t<\/div>\n\t\t<\/div>\n\t\t\t\t<div class=\"elementor-column elementor-col-25 elementor-top-column elementor-element elementor-element-0c5a40a\" data-id=\"0c5a40a\" data-element_type=\"column\" data-e-type=\"column\">\n\t\t\t<div class=\"elementor-widget-wrap elementor-element-populated\">\n\t\t\t\t\t\t<div class=\"elementor-element elementor-element-1a1ed8b elementor-align-center elementor-invisible elementor-widget elementor-widget-button\" data-id=\"1a1ed8b\" data-element_type=\"widget\" data-e-type=\"widget\" data-settings=\"{&quot;_animation&quot;:&quot;fadeInUp&quot;,&quot;_animation_mobile&quot;:&quot;fadeIn&quot;,&quot;_animation_delay&quot;:600}\" data-widget_type=\"button.default\">\n\t\t\t\t<div class=\"elementor-widget-container\">\n\t\t\t\t\t\t\t\t\t<div class=\"elementor-button-wrapper\">\n\t\t\t\t\t<a class=\"elementor-button elementor-button-link elementor-size-sm\" href=\"https:\/\/befirstorientation.fr\/index.php\/entree-dans-le-monde-professionnel\/\">\n\t\t\t\t\t\t<span class=\"elementor-button-content-wrapper\">\n\t\t\t\t\t\t\t\t\t<span class=\"elementor-button-text\">Entr\u00e9e dans le monde professionnel<\/span>\n\t\t\t\t\t<\/span>\n\t\t\t\t\t<\/a>\n\t\t\t\t<\/div>\n\t\t\t\t\t\t\t\t<\/div>\n\t\t\t\t<\/div>\n\t\t\t\t\t<\/div>\n\t\t<\/div>\n\t\t\t\t\t<\/div>\n\t\t<\/section>\n\t\t\t\t<section class=\"elementor-section elementor-top-section elementor-element elementor-element-f0049d5 elementor-section-boxed elementor-section-height-default elementor-section-height-default\" data-id=\"f0049d5\" data-element_type=\"section\" data-e-type=\"section\" data-settings=\"{&quot;animation_mobile&quot;:&quot;fadeIn&quot;}\">\n\t\t\t\t\t\t<div class=\"elementor-container elementor-column-gap-default\">\n\t\t\t\t\t<div class=\"elementor-column elementor-col-100 elementor-top-column elementor-element elementor-element-eb78aa3\" data-id=\"eb78aa3\" data-element_type=\"column\" data-e-type=\"column\">\n\t\t\t<div class=\"elementor-widget-wrap elementor-element-populated\">\n\t\t\t\t\t\t<div class=\"elementor-element elementor-element-5ce1270 elementor-widget__width-initial elementor-arrows-position-inside elementor-pagination-position-outside elementor-widget elementor-widget-image-carousel\" data-id=\"5ce1270\" data-element_type=\"widget\" data-e-type=\"widget\" data-settings=\"{&quot;autoplay_speed&quot;:4000,&quot;speed&quot;:424,&quot;navigation&quot;:&quot;both&quot;,&quot;autoplay&quot;:&quot;yes&quot;,&quot;pause_on_hover&quot;:&quot;yes&quot;,&quot;pause_on_interaction&quot;:&quot;yes&quot;,&quot;infinite&quot;:&quot;yes&quot;}\" data-widget_type=\"image-carousel.default\">\n\t\t\t\t<div class=\"elementor-widget-container\">\n\t\t\t\t\t\t\t<div class=\"elementor-image-carousel-wrapper swiper\" role=\"region\" aria-roledescription=\"carousel\" aria-label=\"Image Carousel\" dir=\"rtl\">\n\t\t\t<div class=\"elementor-image-carousel swiper-wrapper swiper-image-stretch\" aria-live=\"off\">\n\t\t\t\t\t\t\t\t<div class=\"swiper-slide\" role=\"group\" aria-roledescription=\"slide\" aria-label=\"1 of 3\"><figure class=\"swiper-slide-inner\"><img decoding=\"async\" class=\"swiper-slide-image\" src=\"https:\/\/befirstorientation.fr\/wp-content\/uploads\/2023\/09\/belle-journee-campus-768x512.jpg\" alt=\"Conseil en orientation \u00e9tudiants _ befirst orientation - manosque gap\" \/><\/figure><\/div><div class=\"swiper-slide\" role=\"group\" aria-roledescription=\"slide\" aria-label=\"2 of 3\"><figure class=\"swiper-slide-inner\"><img decoding=\"async\" class=\"swiper-slide-image\" src=\"https:\/\/befirstorientation.fr\/wp-content\/uploads\/2023\/09\/attrayant-etudiant-universitaire-faisant-devoirs-dans-bibliotheque-ecole-souriant-768x512.jpg\" alt=\"Attractive male university student doing some homework in the school library and smiling\" \/><\/figure><\/div><div class=\"swiper-slide\" role=\"group\" aria-roledescription=\"slide\" aria-label=\"3 of 3\"><figure class=\"swiper-slide-inner\"><img decoding=\"async\" class=\"swiper-slide-image\" src=\"https:\/\/befirstorientation.fr\/wp-content\/uploads\/2023\/10\/Picsart_23-10-23_17-40-19-7571-e1701095175785-768x511.jpg\" alt=\"orientation scolaire professionnelle coll\u00e9giens\" \/><\/figure><\/div>\t\t\t<\/div>\n\t\t\t\t\t\t\t\t\t\t\t\t<div class=\"elementor-swiper-button elementor-swiper-button-prev\" role=\"button\" tabindex=\"0\">\n\t\t\t\t\t\t<i aria-hidden=\"true\" class=\"eicon-chevron-left\"><\/i>\t\t\t\t\t<\/div>\n\t\t\t\t\t<div class=\"elementor-swiper-button elementor-swiper-button-next\" role=\"button\" tabindex=\"0\">\n\t\t\t\t\t\t<i aria-hidden=\"true\" class=\"eicon-chevron-right\"><\/i>\t\t\t\t\t<\/div>\n\t\t\t\t\n\t\t\t\t\t\t\t\t\t<div class=\"swiper-pagination\"><\/div>\n\t\t\t\t\t\t\t\t\t<\/div>\n\t\t\t\t\t\t<\/div>\n\t\t\t\t<\/div>\n\t\t\t\t\t<\/div>\n\t\t<\/div>\n\t\t\t\t\t<\/div>\n\t\t<\/section>\n\t\t\t\t<section class=\"elementor-section elementor-top-section elementor-element elementor-element-d968a61 elementor-section-boxed elementor-section-height-default elementor-section-height-default\" data-id=\"d968a61\" data-element_type=\"section\" data-e-type=\"section\">\n\t\t\t\t\t\t<div class=\"elementor-container elementor-column-gap-default\">\n\t\t\t\t\t<div class=\"elementor-column elementor-col-50 elementor-top-column elementor-element elementor-element-97d71b4\" data-id=\"97d71b4\" data-element_type=\"column\" data-e-type=\"column\">\n\t\t\t<div class=\"elementor-widget-wrap\">\n\t\t\t\t\t\t\t<\/div>\n\t\t<\/div>\n\t\t\t\t<div class=\"elementor-column elementor-col-50 elementor-top-column elementor-element elementor-element-8369551\" data-id=\"8369551\" data-element_type=\"column\" data-e-type=\"column\">\n\t\t\t<div class=\"elementor-widget-wrap\">\n\t\t\t\t\t\t\t<\/div>\n\t\t<\/div>\n\t\t\t\t\t<\/div>\n\t\t<\/section>\n\t\t\t\t<\/div>\n\t\t","protected":false},"excerpt":{"rendered":"<p>Qui suis-je ? \u00a0Avec une exp\u00e9rience professionnelle de 12 ans dans le secteur de l&#8217;enseignement (formateur, responsable de centre de formation et charg\u00e9 des relations entreprises dans un centre de formation en alternance), j&#8217;ai eu l&#8217;occasion de rencontrer plus de 1000 jeunes et de faciliter plus de 500 embauches en alternance tout au long de [&hellip;]<\/p>\n","protected":false},"author":1,"featured_media":0,"parent":0,"menu_order":0,"comment_status":"closed","ping_status":"closed","template":"","meta":{"_monsterinsights_skip_tracking":false,"_monsterinsights_sitenote_active":false,"_monsterinsights_sitenote_note":"","_monsterinsights_sitenote_category":0,"_uf_show_specific_survey":0,"_uf_disable_surveys":false,"ocean_post_layout":"","ocean_both_sidebars_style":"","ocean_both_sidebars_content_width":0,"ocean_both_sidebars_sidebars_width":0,"ocean_sidebar":"","ocean_second_sidebar":"","ocean_disable_margins":"enable","ocean_add_body_class":"","ocean_shortcode_before_top_bar":"","ocean_shortcode_after_top_bar":"","ocean_shortcode_before_header":"","ocean_shortcode_after_header":"","ocean_has_shortcode":"","ocean_shortcode_after_title":"","ocean_shortcode_before_footer_widgets":"","ocean_shortcode_after_footer_widgets":"","ocean_shortcode_before_footer_bottom":"","ocean_shortcode_after_footer_bottom":"","ocean_display_top_bar":"default","ocean_display_header":"default","ocean_header_style":"","ocean_center_header_left_menu":"","ocean_custom_header_template":"","ocean_custom_logo":0,"ocean_custom_retina_logo":0,"ocean_custom_logo_max_width":0,"ocean_custom_logo_tablet_max_width":0,"ocean_custom_logo_mobile_max_width":0,"ocean_custom_logo_max_height":0,"ocean_custom_logo_tablet_max_height":0,"ocean_custom_logo_mobile_max_height":0,"ocean_header_custom_menu":"","ocean_menu_typo_font_family":"","ocean_menu_typo_font_subset":"","ocean_menu_typo_font_size":0,"ocean_menu_typo_font_size_tablet":0,"ocean_menu_typo_font_size_mobile":0,"ocean_menu_typo_font_size_unit":"px","ocean_menu_typo_font_weight":"","ocean_menu_typo_font_weight_tablet":"","ocean_menu_typo_font_weight_mobile":"","ocean_menu_typo_transform":"","ocean_menu_typo_transform_tablet":"","ocean_menu_typo_transform_mobile":"","ocean_menu_typo_line_height":0,"ocean_menu_typo_line_height_tablet":0,"ocean_menu_typo_line_height_mobile":0,"ocean_menu_typo_line_height_unit":"","ocean_menu_typo_spacing":0,"ocean_menu_typo_spacing_tablet":0,"ocean_menu_typo_spacing_mobile":0,"ocean_menu_typo_spacing_unit":"","ocean_menu_link_color":"","ocean_menu_link_color_hover":"","ocean_menu_link_color_active":"","ocean_menu_link_background":"","ocean_menu_link_hover_background":"","ocean_menu_link_active_background":"","ocean_menu_social_links_bg":"","ocean_menu_social_hover_links_bg":"","ocean_menu_social_links_color":"","ocean_menu_social_hover_links_color":"","ocean_disable_title":"default","ocean_disable_heading":"default","ocean_post_title":"","ocean_post_subheading":"","ocean_post_title_style":"","ocean_post_title_background_color":"","ocean_post_title_background":0,"ocean_post_title_bg_image_position":"","ocean_post_title_bg_image_attachment":"","ocean_post_title_bg_image_repeat":"","ocean_post_title_bg_image_size":"","ocean_post_title_height":0,"ocean_post_title_bg_overlay":0.5,"ocean_post_title_bg_overlay_color":"","ocean_disable_breadcrumbs":"default","ocean_breadcrumbs_color":"","ocean_breadcrumbs_separator_color":"","ocean_breadcrumbs_links_color":"","ocean_breadcrumbs_links_hover_color":"","ocean_display_footer_widgets":"default","ocean_display_footer_bottom":"default","ocean_custom_footer_template":"","footnotes":""},"class_list":["post-15","page","type-page","status-publish","hentry","entry"],"jetpack_sharing_enabled":true,"_links":{"self":[{"href":"https:\/\/befirstorientation.fr\/index.php\/wp-json\/wp\/v2\/pages\/15","targetHints":{"allow":["GET"]}}],"collection":[{"href":"https:\/\/befirstorientation.fr\/index.php\/wp-json\/wp\/v2\/pages"}],"about":[{"href":"https:\/\/befirstorientation.fr\/index.php\/wp-json\/wp\/v2\/types\/page"}],"author":[{"embeddable":true,"href":"https:\/\/befirstorientation.fr\/index.php\/wp-json\/wp\/v2\/users\/1"}],"replies":[{"embeddable":true,"href":"https:\/\/befirstorientation.fr\/index.php\/wp-json\/wp\/v2\/comments?post=15"}],"version-history":[{"count":0,"href":"https:\/\/befirstorientation.fr\/index.php\/wp-json\/wp\/v2\/pages\/15\/revisions"}],"wp:attachment":[{"href":"https:\/\/befirstorientation.fr\/index.php\/wp-json\/wp\/v2\/media?parent=15"}],"curies":[{"name":"wp","href":"https:\/\/api.w.org\/{rel}","templated":true}]}}